{"id":2430,"date":"2020-05-11T12:13:58","date_gmt":"2020-05-11T10:13:58","guid":{"rendered":"https:\/\/forestschools.eu\/zasady-ochrany-osobnych-udajov\/"},"modified":"2021-05-28T21:03:16","modified_gmt":"2021-05-28T19:03:16","slug":"adatvedelmi-iranyelvek","status":"publish","type":"page","link":"https:\/\/forestschools.eu\/hu\/adatvedelmi-iranyelvek\/","title":{"rendered":"Adatv\u00e9delmi ir\u00e1nyelvek"},"content":{"rendered":"\r\n<h2 class=\"wp-block-heading\"><strong>Kik vagyunk<\/strong><\/h2>\r\n<p>Weboldalunk c\u00edme: https:\/\/forestschools.eu.<\/p>\r\n<p>&nbsp;<\/p>\r\n<h2><strong>Milyen szem\u00e9lyes adatokat gy\u0171jt\u00fcnk \u00e9s mi\u00e9rt gy\u0171jt\u00fcnk<\/strong><\/h2>\r\n<p>A szem\u00e9lyes adatokat a k\u00f6vetkez\u0151k m\u00e9rt\u00e9k\u00e9ig gy\u0171jtj\u00fck:<\/p>\r\n<p>&nbsp;<\/p>\r\n<p>Vezet\u00e9kn\u00e9v, keresztn\u00e9v<\/p>\r\n<p>Telefonsz\u00e1m \u00e9s mobiltelefonsz\u00e1m<\/p>\r\n<p>Email c\u00edm<\/p>\r\n<p>&nbsp;<\/p>\r\n<p>A szem\u00e9lyes adatokat l\u00e1togat\u00e1sok lefoglal\u00e1sa c\u00e9lj\u00e1b\u00f3l gy\u0171jt\u00fck, \u00e9s statisztikai c\u00e9lokra t\u00e1roljuk a weboldalon.<\/p>\r\n<p>&nbsp;<\/p>\r\n<h3><strong>Hozz\u00e1sz\u00f3l\u00e1sok<\/strong><\/h3>\r\n<p>Amikor a webhely l\u00e1togat\u00f3i megjegyz\u00e9st f\u0171znek egy oldalhoz, a spam v\u00e9delem \u00e9rdek\u00e9ben \u00f6sszegy\u0171jtj\u00fck a megjegyz\u00e9s \u0171rlapon megjelen\u00edtett adatokat, valamint a felhaszn\u00e1l\u00f3k IP-c\u00edm\u00e9t \u00e9s a b\u00f6ng\u00e9sz\u0151 felhaszn\u00e1l\u00f3i \u00fcgyn\u00f6k\u00e9t (user-agent).<\/p>\r\n<p>Az \u00d6n e-mail c\u00edm\u00e9b\u0151l l\u00e9trehozott n\u00e9vtelen karakterl\u00e1ncot (m\u00e1s n\u00e9ven hash-t) el lehet juttatni a Gravatar sz\u00e1m\u00e1ra annak ellen\u0151rz\u00e9s\u00e9re, hogy \u00d6n haszn\u00e1lja-e azt. A Gravatar adatv\u00e9delmi ir\u00e1nyelveit a k\u00f6vetkez\u0151 c\u00edmen tal\u00e1lja meg: https:\/\/automattic.com\/privacy\/. A megjegyz\u00e9s j\u00f3v\u00e1hagy\u00e1sa ut\u00e1n a profilfot\u00f3 nyilv\u00e1nosan megjelenik a megjegyz\u00e9s tartalm\u00e1val egy\u00fctt.<\/p>\r\n<h3>\u00a0<\/h3>\r\n<h3><strong>Multim\u00e9dia<\/strong><\/h3>\r\n<p>Amikor k\u00e9peket t\u00f6lt fel EXIF \u200b\u200bGPS seg\u00edts\u00e9g\u00e9vel egy helyinform\u00e1ci\u00f3val ell\u00e1tott weboldalra, a helyadatok t\u00f6rl\u0151dnek.<\/p>\r\n<h3>\u00a0<\/h3>\r\n<h3><strong>Cookie-k (s\u00fctik)<\/strong><\/h3>\r\n<p>Ha megjegyz\u00e9st f\u0171z a weboldalunkhoz, akkor beleegyezhet, hogy nev\u00e9t, e-mail c\u00edm\u00e9t \u00e9s webhely\u00e9t cookie-kban t\u00e1rolja. Ez az \u00d6n k\u00e9nyelm\u00e9t szolg\u00e1lja, hogy ne kelljen \u00fajb\u00f3l kit\u00f6ltenie adatait, amikor \u00fajabb megjegyz\u00e9st f\u0171z hozz\u00e1. Ezek a s\u00fctik egy \u00e9vig \u00e9rv\u00e9nyesek.<\/p>\r\n<p>Ha ell\u00e1togat a bejelentkez\u00e9si oldalunkra ahol ideiglenes s\u00fctiket t\u00e1rolunk, hogy meg\u00e1llap\u00edtsuk, elfogadja-e a b\u00f6ng\u00e9sz\u0151je a s\u00fctiket. Ezek a s\u00fctik nem tartalmaznak szem\u00e9lyes adatokat, \u00e9s a b\u00f6ng\u00e9sz\u0151 bez\u00e1r\u00e1sakor t\u00f6rl\u0151dnek.<\/p>\r\n<p>Amikor bejelentkezik, t\u00f6bb cookie-t \u00e1ll\u00edtunk be a bejelentkez\u00e9si adatok \u00e9s a megjelen\u00edt\u00e9si be\u00e1ll\u00edt\u00e1sok t\u00e1rol\u00e1s\u00e1ra. A bejelentkez\u00e9si s\u00fctik k\u00e9t napig \u00e9rv\u00e9nyesek, a megjelen\u00edt\u00e9si be\u00e1ll\u00edt\u00e1sok pedig egy \u00e9vig \u00e9rv\u00e9nyesek. Ha az &#8220;eml\u00e9kszem&#8221; lehet\u0151s\u00e9get v\u00e1lasztja, bejelentkez\u00e9se k\u00e9t h\u00e9tig \u00e9rv\u00e9nyes lesz. Amikor kijelentkezik fi\u00f3kj\u00e1b\u00f3l, a s\u00fctik t\u00f6rl\u0151dnek.<\/p>\r\n<p>Amikor szerkeszt vagy cikket tesz k\u00f6zz\u00e9, tov\u00e1bbi cookie-kat t\u00e1rol a b\u00f6ng\u00e9sz\u0151je. Ezek a s\u00fctik nem tartalmaznak szem\u00e9lyes adatokat, \u00e9s csak az \u00d6n \u00e1ltal szerkesztett cikkazonos\u00edt\u00f3ra mutatnak. A f\u00e1jlok 1 napig \u00e9rv\u00e9nyesek.<\/p>\r\n<p>&nbsp;<\/p>\r\n<h3><strong>Be\u00e1gyazott tartalom m\u00e1s webhelyekr\u0151l<\/strong><\/h3>\r\n<p>A weboldalon tal\u00e1lhat\u00f3 cikkek be\u00e1gyazott tartalmat tartalmazhatnak (p\u00e9ld\u00e1ul vide\u00f3k, k\u00e9pek, cikkek stb.). M\u00e1s webhelyek be\u00e1gyazott tartalma \u00fagy viselkedik, mintha egy l\u00e1togat\u00f3 egy m\u00e1sik webhelyet l\u00e1togatott volna meg.<\/p>\r\n<p>Ez a webhely szem\u00e9lyes adatokat gy\u0171jthet r\u00f3lad, haszn\u00e1lhat s\u00fctiket, beilleszthet harmadik f\u00e9l nyomon k\u00f6vet\u00e9s\u00e9t \u00e9s nyomon k\u00f6vetheti a be\u00e1gyazott tartalommal val\u00f3 interakci\u00f3t, bele\u00e9rtve a be\u00e1gyazott tartalommal val\u00f3 interakci\u00f3 nyomon k\u00f6vet\u00e9s\u00e9t is, ha van fi\u00f3kja a webhelyen \u00e9s be van jelentkezve.<\/p>\r\n<p>&nbsp;<\/p>\r\n<h3><strong>Analitika<\/strong><\/h3>\r\n<p>&nbsp;<\/p>\r\n<h3><strong>Kivel osztjuk meg az adatait<\/strong><\/h3>\r\n<p>Az adatokat nem osztj\u00e1k meg harmadik felekkel. Csak a webhely rendszergazd\u00e1j\u00e1nak van korl\u00e1tlan \u00e9s teljes hozz\u00e1f\u00e9r\u00e9se.<\/p>\r\n<p>&nbsp;<\/p>\r\n<h3><strong>Meddig \u0151rizz\u00fck az adatait<\/strong><\/h3>\r\n<p>Megjegyz\u00e9s hozz\u00e1ad\u00e1sakor a megjegyz\u00e9st \u00e9s annak metaadatait k\u00fcl\u00f6n t\u00e1roljuk. Ez lehet\u0151v\u00e9 teszi sz\u00e1munkra, hogy automatikusan felismerj\u00fck \u00e9s j\u00f3v\u00e1hagyjuk a kapcsol\u00f3d\u00f3 megjegyz\u00e9seket an\u00e9lk\u00fcl, hogy moder\u00e1l\u00e1st kellene tartanunk.<\/p>\r\n<p>A weboldalunkon regisztr\u00e1l\u00f3 felhaszn\u00e1l\u00f3k sz\u00e1m\u00e1ra (ha vannak ilyenek) az \u00e1ltaluk megadott szem\u00e9lyes adatokat is t\u00e1roljuk felhaszn\u00e1l\u00f3i profiljukban. Minden felhaszn\u00e1l\u00f3 b\u00e1rmikor megtekintheti, szerkesztheti vagy t\u00f6r\u00f6lheti szem\u00e9lyes adatait (kiv\u00e9ve a felhaszn\u00e1l\u00f3 megv\u00e1ltoztat\u00e1s\u00e1t). A webmesterek megtekinthetik \u00e9s szerkeszthetik is ezeket az inform\u00e1ci\u00f3kat.<\/p>\r\n<p>&nbsp;<\/p>\r\n<h3><strong>Milyen jogai vannak az adataival kapcsolatban<\/strong><\/h3>\r\n<p>Ha van fi\u00f3kja ezen a weboldalon, vagy megjegyz\u00e9st f\u0171z\u00f6tt ide, akkor k\u00e9rheti szem\u00e9lyes adatainak, amelyeket t\u00e1rolunk \u00d6nr\u0151l, bele\u00e9rtve az \u00e1ltalunk megadott inform\u00e1ci\u00f3kat is. \u00d6n \u00edr\u00e1sban is k\u00e9rheti a szem\u00e9lyes adatok t\u00f6rl\u00e9s\u00e9t. Ez azonban nem vonatkozik azokra az adatokra, amelyeket adminisztrat\u00edv, jogi vagy biztons\u00e1gi okokb\u00f3l meg kell \u0151rizn\u00fcnk \u00d6nr\u0151l.<\/p>\r\n<p>&nbsp;<\/p>\r\n<h3><strong>Hov\u00e1 k\u00fcldj\u00fck az adatait<\/strong><\/h3>\r\n<p>A l\u00e1togat\u00f3k \u00e9szrev\u00e9teleit egy automatikus spamfelismer\u0151 szolg\u00e1ltat\u00e1son kereszt\u00fcl lehet ellen\u0151rizni.<\/p>\r\n<p><strong>\u00a0<\/strong><\/p>\r\n<h2><strong>El\u00e9rhet\u0151s\u00e9gek<\/strong><\/h2>\r\n<p><strong>Ing. Slavka Pavlova<\/strong><\/p>\r\n<p><strong>L\u00e9vai erd\u00e9szeti \u00fczem- az Erdei Iskola vezet\u0151je<\/strong><\/p>\r\n<p><strong>Mobil: +421918334474<\/strong><\/p>\r\n<p><strong>e-mail: <\/strong><a href=\"mailto:slavka.pavlova@lesy.sk\"><strong>slavka.pavlova@lesy.sk<\/strong><\/a><\/p>\r\n<p><strong>\u00a0<\/strong><\/p>\r\n<p><strong>Miroslav Janovsk\u00fd<\/strong><\/p>\r\n<p><strong>L\u00e9vai erd\u00e9szeti \u00fczem &#8211; a szem\u00e9lyes adatok v\u00e9delm\u00e9\u00e9rt felel\u0151s szem\u00e9ly<\/strong><\/p>\r\n<p><strong>Mobil: +421918333712<\/strong><\/p>\r\n<p><strong>e-mail: <\/strong><a href=\"mailto:miroslav.janovsky@lesy.sk\"><strong>miroslav.janovsky@lesy.sk<\/strong><\/a><\/p>\r\n<p><strong>\u00a0<\/strong><\/p>\r\n<h2><strong>Tov\u00e1bbi inform\u00e1ci\u00f3<\/strong><\/h2>\r\n<p><strong>Hogyan v\u00e9dj\u00fck az adatait<\/strong> &#8211; Az adatokat a 18\/2018 sz\u00e1m\u00fa a szem\u00e9lyes adatok v\u00e9delm\u00e9r\u0151l sz\u00f3l\u00f3 t\u00f6rv\u00e9ny alapj\u00e1n, 2018.5.25-t\u0151l hat\u00e1lyos, <strong>GDPR<\/strong><\/p>\r\n<p>az adatokat biztons\u00e1gos szervereken t\u00e1rolj\u00e1k, t\u0171zfal, biztons\u00e1gi szoftverek v\u00e9dik.<\/p>\r\n<p><strong>Melyek az adatsziv\u00e1rg\u00e1s folyamatai<\/strong> &#8211; a szem\u00e9lyes adatok v\u00e9delm\u00e9nek megs\u00e9rt\u00e9se eset\u00e9n k\u00f6vetj\u00fck a biztons\u00e1gi ir\u00e1nyelvet \u00e9s az adatv\u00e9delmi ir\u00e1nyelvek v\u00e1laszterv\u00e9t (Sm G019 ir\u00e1nyelv)<\/p>\r\n<p><strong>Milyen harmadik felekt\u0151l gy\u0171jt\u00fcnk adatokat<\/strong> &#8211; nem szerezz\u00fck be<\/p>\r\n","protected":false},"excerpt":{"rendered":"<p>Kik vagyunk Weboldalunk c\u00edme: https:\/\/forestschools.eu. &nbsp; Milyen szem\u00e9lyes adatokat gy\u0171jt\u00fcnk \u00e9s mi\u00e9rt gy\u0171jt\u00fcnk A szem\u00e9lyes&#8230;<\/p>\n","protected":false},"author":1,"featured_media":0,"parent":0,"menu_order":0,"comment_status":"closed","ping_status":"closed","template":"","meta":{"_acf_changed":false,"inline_featured_image":false,"footnotes":""},"class_list":["post-2430","page","type-page","status-publish","hentry"],"acf":[],"yoast_head":"<!-- This site is optimized with the Yoast SEO plugin v27.4 - https:\/\/yoast.com\/product\/yoast-seo-wordpress\/ -->\n<title>Adatv\u00e9delmi ir\u00e1nyelvek - Forestschools.eu<\/title>\n<meta name=\"robots\" content=\"index, follow, max-snippet:-1, max-image-preview:large, max-video-preview:-1\" \/>\n<link rel=\"canonical\" href=\"https:\/\/forestschools.eu\/hu\/adatvedelmi-iranyelvek\/\" \/>\n<meta property=\"og:locale\" content=\"hu_HU\" \/>\n<meta property=\"og:type\" content=\"article\" \/>\n<meta property=\"og:title\" content=\"Adatv\u00e9delmi ir\u00e1nyelvek - Forestschools.eu\" \/>\n<meta property=\"og:description\" content=\"Kik vagyunk Weboldalunk c\u00edme: https:\/\/forestschools.eu. &nbsp; Milyen szem\u00e9lyes adatokat gy\u0171jt\u00fcnk \u00e9s mi\u00e9rt gy\u0171jt\u00fcnk A szem\u00e9lyes...\" \/>\n<meta property=\"og:url\" content=\"https:\/\/forestschools.eu\/hu\/adatvedelmi-iranyelvek\/\" \/>\n<meta property=\"og:site_name\" content=\"Forestschools.eu\" \/>\n<meta property=\"article:publisher\" content=\"https:\/\/www.facebook.com\/LESYSRstatnypodnik\" \/>\n<meta property=\"article:modified_time\" content=\"2021-05-28T19:03:16+00:00\" \/>\n<meta name=\"twitter:card\" content=\"summary_large_image\" \/>\n<meta name=\"twitter:label1\" content=\"Est. reading time\" \/>\n\t<meta name=\"twitter:data1\" content=\"3 minutes\" \/>\n<script type=\"application\/ld+json\" class=\"yoast-schema-graph\">{\"@context\":\"https:\\\/\\\/schema.org\",\"@graph\":[{\"@type\":\"WebPage\",\"@id\":\"https:\\\/\\\/forestschools.eu\\\/hu\\\/adatvedelmi-iranyelvek\\\/\",\"url\":\"https:\\\/\\\/forestschools.eu\\\/hu\\\/adatvedelmi-iranyelvek\\\/\",\"name\":\"Adatv\u00e9delmi ir\u00e1nyelvek - Forestschools.eu\",\"isPartOf\":{\"@id\":\"https:\\\/\\\/forestschools.eu\\\/hu\\\/#website\"},\"datePublished\":\"2020-05-11T10:13:58+00:00\",\"dateModified\":\"2021-05-28T19:03:16+00:00\",\"breadcrumb\":{\"@id\":\"https:\\\/\\\/forestschools.eu\\\/hu\\\/adatvedelmi-iranyelvek\\\/#breadcrumb\"},\"inLanguage\":\"hu-HU\",\"potentialAction\":[{\"@type\":\"ReadAction\",\"target\":[\"https:\\\/\\\/forestschools.eu\\\/hu\\\/adatvedelmi-iranyelvek\\\/\"]}]},{\"@type\":\"BreadcrumbList\",\"@id\":\"https:\\\/\\\/forestschools.eu\\\/hu\\\/adatvedelmi-iranyelvek\\\/#breadcrumb\",\"itemListElement\":[{\"@type\":\"ListItem\",\"position\":1,\"name\":\"Home\",\"item\":\"https:\\\/\\\/forestschools.eu\\\/hu\\\/uvod\\\/\"},{\"@type\":\"ListItem\",\"position\":2,\"name\":\"Adatv\u00e9delmi ir\u00e1nyelvek\"}]},{\"@type\":\"WebSite\",\"@id\":\"https:\\\/\\\/forestschools.eu\\\/hu\\\/#website\",\"url\":\"https:\\\/\\\/forestschools.eu\\\/hu\\\/\",\"name\":\"Forestschools.eu\",\"description\":\"LESY SR, \u0161t\u00e1tny podnik organiza\u010dn\u00e1 zlo\u017eka OZ Podunajsko\",\"publisher\":{\"@id\":\"https:\\\/\\\/forestschools.eu\\\/hu\\\/#organization\"},\"potentialAction\":[{\"@type\":\"SearchAction\",\"target\":{\"@type\":\"EntryPoint\",\"urlTemplate\":\"https:\\\/\\\/forestschools.eu\\\/hu\\\/?s={search_term_string}\"},\"query-input\":{\"@type\":\"PropertyValueSpecification\",\"valueRequired\":true,\"valueName\":\"search_term_string\"}}],\"inLanguage\":\"hu-HU\"},{\"@type\":\"Organization\",\"@id\":\"https:\\\/\\\/forestschools.eu\\\/hu\\\/#organization\",\"name\":\"Forestschools.eu\",\"url\":\"https:\\\/\\\/forestschools.eu\\\/hu\\\/\",\"logo\":{\"@type\":\"ImageObject\",\"inLanguage\":\"hu-HU\",\"@id\":\"https:\\\/\\\/forestschools.eu\\\/hu\\\/#\\\/schema\\\/logo\\\/image\\\/\",\"url\":\"https:\\\/\\\/forestschools.eu\\\/wp-content\\\/uploads\\\/2020\\\/05\\\/logo.svg\",\"contentUrl\":\"https:\\\/\\\/forestschools.eu\\\/wp-content\\\/uploads\\\/2020\\\/05\\\/logo.svg\",\"caption\":\"Forestschools.eu\"},\"image\":{\"@id\":\"https:\\\/\\\/forestschools.eu\\\/hu\\\/#\\\/schema\\\/logo\\\/image\\\/\"},\"sameAs\":[\"https:\\\/\\\/www.facebook.com\\\/LESYSRstatnypodnik\"]}]}<\/script>\n<!-- \/ Yoast SEO plugin. -->","yoast_head_json":{"title":"Adatv\u00e9delmi ir\u00e1nyelvek - Forestschools.eu","robots":{"index":"index","follow":"follow","max-snippet":"max-snippet:-1","max-image-preview":"max-image-preview:large","max-video-preview":"max-video-preview:-1"},"canonical":"https:\/\/forestschools.eu\/hu\/adatvedelmi-iranyelvek\/","og_locale":"hu_HU","og_type":"article","og_title":"Adatv\u00e9delmi ir\u00e1nyelvek - Forestschools.eu","og_description":"Kik vagyunk Weboldalunk c\u00edme: https:\/\/forestschools.eu. &nbsp; Milyen szem\u00e9lyes adatokat gy\u0171jt\u00fcnk \u00e9s mi\u00e9rt gy\u0171jt\u00fcnk A szem\u00e9lyes...","og_url":"https:\/\/forestschools.eu\/hu\/adatvedelmi-iranyelvek\/","og_site_name":"Forestschools.eu","article_publisher":"https:\/\/www.facebook.com\/LESYSRstatnypodnik","article_modified_time":"2021-05-28T19:03:16+00:00","twitter_card":"summary_large_image","twitter_misc":{"Est. reading time":"3 minutes"},"schema":{"@context":"https:\/\/schema.org","@graph":[{"@type":"WebPage","@id":"https:\/\/forestschools.eu\/hu\/adatvedelmi-iranyelvek\/","url":"https:\/\/forestschools.eu\/hu\/adatvedelmi-iranyelvek\/","name":"Adatv\u00e9delmi ir\u00e1nyelvek - Forestschools.eu","isPartOf":{"@id":"https:\/\/forestschools.eu\/hu\/#website"},"datePublished":"2020-05-11T10:13:58+00:00","dateModified":"2021-05-28T19:03:16+00:00","breadcrumb":{"@id":"https:\/\/forestschools.eu\/hu\/adatvedelmi-iranyelvek\/#breadcrumb"},"inLanguage":"hu-HU","potentialAction":[{"@type":"ReadAction","target":["https:\/\/forestschools.eu\/hu\/adatvedelmi-iranyelvek\/"]}]},{"@type":"BreadcrumbList","@id":"https:\/\/forestschools.eu\/hu\/adatvedelmi-iranyelvek\/#breadcrumb","itemListElement":[{"@type":"ListItem","position":1,"name":"Home","item":"https:\/\/forestschools.eu\/hu\/uvod\/"},{"@type":"ListItem","position":2,"name":"Adatv\u00e9delmi ir\u00e1nyelvek"}]},{"@type":"WebSite","@id":"https:\/\/forestschools.eu\/hu\/#website","url":"https:\/\/forestschools.eu\/hu\/","name":"Forestschools.eu","description":"LESY SR, \u0161t\u00e1tny podnik organiza\u010dn\u00e1 zlo\u017eka OZ Podunajsko","publisher":{"@id":"https:\/\/forestschools.eu\/hu\/#organization"},"potentialAction":[{"@type":"SearchAction","target":{"@type":"EntryPoint","urlTemplate":"https:\/\/forestschools.eu\/hu\/?s={search_term_string}"},"query-input":{"@type":"PropertyValueSpecification","valueRequired":true,"valueName":"search_term_string"}}],"inLanguage":"hu-HU"},{"@type":"Organization","@id":"https:\/\/forestschools.eu\/hu\/#organization","name":"Forestschools.eu","url":"https:\/\/forestschools.eu\/hu\/","logo":{"@type":"ImageObject","inLanguage":"hu-HU","@id":"https:\/\/forestschools.eu\/hu\/#\/schema\/logo\/image\/","url":"https:\/\/forestschools.eu\/wp-content\/uploads\/2020\/05\/logo.svg","contentUrl":"https:\/\/forestschools.eu\/wp-content\/uploads\/2020\/05\/logo.svg","caption":"Forestschools.eu"},"image":{"@id":"https:\/\/forestschools.eu\/hu\/#\/schema\/logo\/image\/"},"sameAs":["https:\/\/www.facebook.com\/LESYSRstatnypodnik"]}]}},"_links":{"self":[{"href":"https:\/\/forestschools.eu\/hu\/wp-json\/wp\/v2\/pages\/2430","targetHints":{"allow":["GET"]}}],"collection":[{"href":"https:\/\/forestschools.eu\/hu\/wp-json\/wp\/v2\/pages"}],"about":[{"href":"https:\/\/forestschools.eu\/hu\/wp-json\/wp\/v2\/types\/page"}],"author":[{"embeddable":true,"href":"https:\/\/forestschools.eu\/hu\/wp-json\/wp\/v2\/users\/1"}],"replies":[{"embeddable":true,"href":"https:\/\/forestschools.eu\/hu\/wp-json\/wp\/v2\/comments?post=2430"}],"version-history":[{"count":3,"href":"https:\/\/forestschools.eu\/hu\/wp-json\/wp\/v2\/pages\/2430\/revisions"}],"predecessor-version":[{"id":3333,"href":"https:\/\/forestschools.eu\/hu\/wp-json\/wp\/v2\/pages\/2430\/revisions\/3333"}],"wp:attachment":[{"href":"https:\/\/forestschools.eu\/hu\/wp-json\/wp\/v2\/media?parent=2430"}],"curies":[{"name":"wp","href":"https:\/\/api.w.org\/{rel}","templated":true}]}}