{"id":2336,"date":"2020-05-05T23:16:21","date_gmt":"2020-05-05T21:16:21","guid":{"rendered":"https:\/\/forestschools.eu\/o-projekte\/"},"modified":"2020-07-21T15:58:37","modified_gmt":"2020-07-21T13:58:37","slug":"a-projektrol","status":"publish","type":"page","link":"https:\/\/forestschools.eu\/hu\/a-projektrol\/","title":{"rendered":"A projektr\u0151l"},"content":{"rendered":"<h1>Erd\u00e9szek a k\u00f6rnyezeti nevel\u00e9s\u00e9rt<\/h1>\n<p><a href=\"https:\/\/forestschools.eu\/wp-content\/uploads\/2020\/06\/loga-hu.png\"><img loading=\"lazy\" decoding=\"async\" class=\"alignnone wp-image-2836 size-full\" src=\"https:\/\/forestschools.eu\/wp-content\/uploads\/2020\/06\/loga-hu.png\" alt=\"\" width=\"1024\" height=\"124\" srcset=\"https:\/\/forestschools.eu\/wp-content\/uploads\/2020\/06\/loga-hu.png 1024w, https:\/\/forestschools.eu\/wp-content\/uploads\/2020\/06\/loga-hu-300x36.png 300w, https:\/\/forestschools.eu\/wp-content\/uploads\/2020\/06\/loga-hu-768x93.png 768w, https:\/\/forestschools.eu\/wp-content\/uploads\/2020\/06\/loga-hu-512x62.png 512w\" sizes=\"auto, (max-width: 1024px) 100vw, 1024px\" \/><\/a><\/p>\n<p>INTERREG V-A SZLOV\u00c1KIA-MAGYARORSZ\u00c1G 2014-2020 EGY\u00dcTTM\u0170K\u00d6D\u00c9SI PROGRAM<br \/>\nA projekt c\u00edme: Foresters raising publics\u00b4 environmental awareness<br \/>\nAzonos\u00edt\u00f3 sz\u00e1m: SKHU\/1601\/1.1\/009<br \/>\nVezet\u0151 kedvezm\u00e9nyezett: LESY SR, \u00e1llami v\u00e1llalat<br \/>\nhat\u00e1ron t\u00fali kedvezm\u00e9nyezett: IPOLY ERD\u0150 Z\u00e1rtk\u00f6r\u0171en M\u0171k\u00f6d\u0151 R\u00e9szv\u00e9nyt\u00e1rsas\u00e1g<br \/>\nA projekt kezdete: 01.\u00a012.\u00a02017<br \/>\nA projekt befejez\u00e9se: 31.\u00a005.\u00a02020<br \/>\nTeljes k\u00f6lts\u00e9gvet\u00e9s: 1\u00a0438\u00a0788,96 \u20ac<br \/>\nERFA t\u00e1mogat\u00e1s: 1\u00a0222\u00a0970,61 \u20ac<br \/>\nLESY SR, \u00e1. v. k\u00f6lts\u00e9gvet\u00e9se: 723\u00a0011,04 \u20ac<br \/>\nIpoly Erd\u0151 Zrt. k\u00f6lts\u00e9gvet\u00e9se: 715\u00a0777,92 \u20ac<br \/>\nAkronym: SK-HU FOREST SCHOOLS<\/p>\n<p>&nbsp;<\/p>\n<h2><strong>Projekt tev\u00e9kenys\u00e9gek<\/strong><\/h2>\n<ul>\n<li><a class=\"row-title\" href=\"https:\/\/forestschools.eu\/hu\/a-projektrol\/nyito-sajtotajekoztato\/\" aria-label=\"\u201cBevezet\u0151 sajt\u00f3t\u00e1j\u00e9koztat\u00f3\u201d (Upravi\u0165)\">Nyit\u00f3 sajt\u00f3t\u00e1j\u00e9koztat\u00f3<\/a><\/li>\n<li><a href=\"https:\/\/forestschools.eu\/hu\/a-projektrol\/erdopedagogusok-szakmai-kirandulasa-az-erdeszeti-iskolakban-magyarorszagon\/\">Erd\u0151pedag\u00f3gusok szakmai kir\u00e1ndul\u00e1sa az erd\u00e9szeti iskol\u00e1kban Magyarorsz\u00e1gon<\/a><\/li>\n<li><a href=\"https:\/\/forestschools.eu\/hu\/a-projektrol\/erdeszek-es-a-napocska\/\">Erd\u00e9szek \u00e9s a Napocska<\/a><\/li>\n<li><a href=\"https:\/\/forestschools.eu\/hu\/a-projektrol\/levai-vadasznapok-gyerekek-az-erdeszek-baratai\/\">L\u00e9vai vad\u00e1sznapok \u2013 Gyerekek az erd\u00e9szek bar\u00e1tai<\/a><\/li>\n<li><a href=\"https:\/\/forestschools.eu\/hu\/a-projektrol\/zuhracka-mindenkinek-gyerekek-a-vadaszok-baratai\/\">\u017duhra\u010dka mindenkinek \u2013 Gyerekek a vad\u00e1szok bar\u00e1tai<\/a><\/li>\n<li><a href=\"https:\/\/forestschools.eu\/hu\/a-projektrol\/gyerekek-csereprogramja-magyarorszagon\/\">Gyerekek csereprogramja Magyarorsz\u00e1gon<\/a><\/li>\n<li><a href=\"https:\/\/forestschools.eu\/hu\/a-projektrol\/gyerekek-csereprogramja-szlovakiaban\/\">Gyerekek csereprogramja Szlov\u00e1ki\u00e1ban<\/a><\/li>\n<li><a href=\"https:\/\/forestschools.eu\/hu\/a-projektrol\/erdei-pedagogusok-szeminariuma\/\">Erdei pedag\u00f3gusok szemin\u00e1riuma<\/a><\/li>\n<\/ul>\n<p>&nbsp;<\/p>\n<div>\n<h3><strong>A projekt indokl\u00e1sa:<\/strong><\/h3>\n<p>Az \u201eErd\u00e9szek a k\u00f6rnyezeti nevel\u00e9s\u00e9rt\u201e projekt elv\u00e1r\u00e1sa \u00e9s c\u00e9lja az, hogy felkeltse a\u00a0 L\u00e9va \u00e9s Salg\u00f3tarj\u00e1n k\u00f6rny\u00e9k\u00e9n \u00e9l\u0151 lakoss\u00e1g \u00e9rdekl\u0151d\u00e9s\u00e9t a hat\u00e1rt\u00e9rs\u00e9g k\u00fcl\u00f6nleges term\u00e9szeti \u00e9rt\u00e9kei ir\u00e1nt, ismeretterjeszt\u0151 \u00e9s oktat\u00f3 eszk\u00f6z\u00f6k seg\u00edts\u00e9g\u00e9vel hangs\u00falyt fektetve a fiatal koroszt\u00e1lyra, \u00e9s \u00edgy nem kis hat\u00e1ssal t\u00e1mogatni az idegenforgalmat is.<\/p>\n<p>Az erd\u00e9szek a hat\u00e1r mindk\u00e9t oldal\u00e1n m\u00e1r hossz\u00fa ideje felismert\u00e9k azt a t\u00e9nyt, hogy az ember viszonya a kultur\u00e1lis \u00e9rt\u00e9kekhez, de kiv\u00e1ltk\u00e9ppen a term\u00e9szeti \u00e9rt\u00e9kekhez nagy m\u00e9rt\u00e9kben befoly\u00e1solja az ember tudatoss\u00e1g\u00e1t \u00e9s a nyilv\u00e1nosan hozz\u00e1f\u00e9rhet\u0151 inform\u00e1ci\u00f3kat. Azt is tapasztalj\u00e1k, hogy a nagy nyilv\u00e1noss\u00e1g nem \u00e9rti a fenntarthat\u00f3 erd\u0151gazd\u00e1lkod\u00e1s jelent\u0151s\u00e9g\u00e9t. Ebben a hat\u00e1rt\u00e9rs\u00e9gben hi\u00e1nyoznak olyan l\u00e9tes\u00edtm\u00e9nyek, ahol alkalmazni lehetne az k\u00f6rnyezeti oktat\u00e1st \u00e9s az erd\u0151pedag\u00f3gi\u00e1t. A LESY SR \u00e9s az IPOLY ERD\u0150 ez\u00e9rt \u00fagy d\u00f6nt\u00f6ttek, hogy a hat\u00e1rmenti term\u00e9szeti \u00e9rt\u00e9kek ismertet\u00e9se mellett bemutatj\u00e1k ezt a ter\u00fcletet, mint erdei \u00f6kosziszt\u00e9m\u00e1t \u00e9s egyben az erd\u0151k maradand\u00f3 fenntarthat\u00f3 gazd\u00e1lkod\u00e1s\u00e1t, amely biztos\u00edtja az erd\u0151k megmarad\u00e1s\u00e1t a j\u00f6v\u0151 gener\u00e1ci\u00f3i sz\u00e1m\u00e1ra.<\/p>\n<p>Az \u00fajonnan \u00e9p\u00fclt oktat\u00f3 k\u00f6zpontok, bemutat\u00f3helyek, tan\u00f6sv\u00e9nyek \u00e9s az erd\u0151pedag\u00f3gusok t\u00f6bb mint 10 000 m\u00b2erd\u0151ter\u00fcletre vonatkoz\u00f3an ismertetik meg az erd\u0151 jelent\u0151s\u00e9g\u00e9t a c\u00e9lcsoportokkal. A L\u00e9vai erdei iskola a 4 100 m\u00b2 ter\u00fclet\u00e9n egy eg\u00e9szen \u00faj felfog\u00e1ssal, bent a v\u00e1rosban kihaszn\u00e1lva a vizu\u00e1lis megfigyel\u00e9s lehet\u0151s\u00e9geit, seg\u00edtik a gyakorlati \u00fcgyess\u00e9gek fejleszt\u00e9s\u00e9t. A Somosk\u0151i erdei iskola \u00e9s a l\u00e1togat\u00f3 k\u00f6zpont t\u00f6bb mint 5900 m\u00b2 ter\u00fclettel hozz\u00e1j\u00e1rul a magyarorsz\u00e1gi h\u00e1l\u00f3zat b\u0151v\u00edt\u00e9s\u00e9hez. A t\u00e9rs\u00e9g f\u00f6ldrajzi fekv\u00e9se r\u00e9v\u00e9n &#8211; Somosk\u0151i v\u00e1r, Salg\u00f3 v\u00e1ra, Novohrad- N\u00f3gr\u00e1d Geopark, magas ar\u00e1ny\u00fa erd\u0151ter\u00fclet, Karancs-Medves T\u00e1jv\u00e9delmi K\u00f6rzet &#8211; alkalmas helysz\u00edn a k\u00f6zpont eg\u00e9sz\u00e9ves kihaszn\u00e1l\u00e1s\u00e1ra.<\/p>\n<p>&nbsp;<\/p>\n<h3><strong>A projekt f\u0151 c\u00e9lja<\/strong><strong>:<\/strong><\/h3>\n<p><em>Vonz\u00f3bb\u00e1 tenni \u00e9s n\u00f6velni\u00a0 l\u00e1togatotts\u00e1g\u00e1t a hat\u00e1rt\u00e9rs\u00e9gnek term\u00e9szeti \u00e9rt\u00e9kek ismertet\u00e9s\u00e9vel. <\/em><\/p>\n<p><em>N\u00f6velni a fiatal koroszt\u00e1ly k\u00f6rnyezettudatoss\u00e1g\u00e1t \u00e9s a term\u00e9szet ismeret\u00e9t<\/em><\/p>\n<p>&nbsp;<\/p>\n<p>&nbsp;<\/p>\n<h3><strong>A projekt k\u00f6lts\u00e9gvet\u00e9se:<\/strong><\/h3>\n<h3><strong>A projekt teljes k\u00f6lts\u00e9gvet\u00e9se 1 438 788,96 EUR, ebb\u0151l 1 222 970,61 EUR az ERFA forr\u00e1saib\u00f3l \u00e1ll.<\/strong><\/h3>\n<h3><strong>A LESY Slovenskej republiky, \u0161.p. k\u00f6lts\u00e9gvet\u00e9se o. 723 011,04 eur\u00f3t jelent.<\/strong><\/h3>\n<h3><strong>\u00a0<\/strong><\/h3>\n<h3><strong>C\u00e9lcsoportok:<\/strong><\/h3>\n<h3><strong>A projekt c\u00e9lcsoportjai a projekt term\u00e9szet\u00e9b\u0151l fakadnak, \u00e9s azokat a megl\u00e9v\u0151 t\u00e9nyez\u0151k is meghat\u00e1rozz\u00e1k.<\/strong><\/h3>\n<h3><strong>\u00a0<\/strong><\/h3>\n<p>&nbsp;<\/p>\n<p>&nbsp;<\/p>\n<p>K\u00f6zvetlen c\u00e9lcsoportok:<\/p>\n<p>&#8211; az \u00e9rintett telep\u00fcl\u00e9sek lak\u00f3i \u00e9s k\u00f6rny\u00e9ke,<\/p>\n<p>&#8211; minden koroszt\u00e1ly\u00fa turista \u00e9s l\u00e1togat\u00f3k &#8211; tud\u00e1s, pihen\u00e9s \u00e9s kikapcsol\u00f3d\u00e1s helye,<\/p>\n<p>&#8211; helyi k\u00f6z\u00e9piskol\u00e1k, \u00e1ltal\u00e1nos iskol\u00e1k \u00e9s \u00f3vod\u00e1k di\u00e1kjai, akt\u00edvan r\u00e9szt vesznek a projektben, oktat\u00e1si programokon \u00e9s rendezv\u00e9nyeken,<\/p>\n<p>&#8211; \u00e1ltal\u00e1nos iskol\u00e1sok az iskola a term\u00e9szetben kapcsolatban &#8211; interakt\u00edv tanterem, a term\u00e9szetbeni \u00e9let megfigyel\u00e9se &#8211; n\u00f6v\u00e9ny- \u00e9s \u00e1llatvil\u00e1g miniarbor\u00e9tum-ban \u00e9s a z\u00f6ld tan\u00f6sv\u00e9ny,<\/p>\n<p>&#8211; gyermekek a sz\u00fcleikkel &#8211; a term\u00e9szettel \u00e9s a kultur\u00e1lis magatart\u00e1ssal val\u00f3 kapcsolat tudatalatti alakul\u00e1sa,<\/p>\n<p>&#8211; s\u00falyos fogyat\u00e9koss\u00e1ggal \u00e9l\u0151k- \u00e9lm\u00e9nytanul\u00e1s akad\u00e1lymentes k\u00f6rnyezetben,<\/p>\n<p>&#8211; szakiskol\u00e1k, szakmai nagyk\u00f6z\u00f6ns\u00e9g &#8211; erd\u00e9szeti iskol\u00e1k, kert\u00e9szeti iskol\u00e1k, k\u00fcl\u00f6nf\u00e9le tanfolyamok &#8211; pl. erd\u0151pedag\u00f3gia.<\/p>\n<p>K\u00f6zvetett c\u00e9lcsoportok:<\/p>\n<p>&#8211; iskolai alap\u00edt\u00f3k &#8211; az oktat\u00e1si k\u00edn\u00e1lat kib\u0151v\u00edt\u00e9se,<\/p>\n<p>&#8211; iskolaigazgat\u00f3k &#8211; ugyanakkor a projektpartnerek \u00e9s komplexumtulajdonosok.<\/p>\n<p>&nbsp;<\/p>\n<p><strong>Tov\u00e1bbi inform\u00e1ci\u00f3t a www.lesy.sk weboldalon tal\u00e1l<\/strong><\/p>\n<p><strong>A projektet az Eur\u00f3pai Uni\u00f3 \u00e9s az Eur\u00f3pai Region\u00e1lis Fejleszt\u00e9si Alap t\u00e1rsfinansz\u00edroz\u00e1s\u00e1val val\u00f3sult meg.<\/strong><\/p>\n<p><strong>E K\u00d6ZLEM\u00c9NY TARTALMA NEM TARTALMAZZA AZ EUR\u00d3PAI UNI\u00d3 hivatalos \u00e1ll\u00e1spontj\u00e1t&#8221;.<\/strong><\/p>\n<p><strong>www.skhu.eu<\/strong><\/p>\n<\/div>\n","protected":false},"excerpt":{"rendered":"<p>Erd\u00e9szek a k\u00f6rnyezeti nevel\u00e9s\u00e9rt INTERREG V-A SZLOV\u00c1KIA-MAGYARORSZ\u00c1G 2014-2020 EGY\u00dcTTM\u0170K\u00d6D\u00c9SI PROGRAM A projekt c\u00edme: Foresters raising&#8230;<\/p>\n","protected":false},"author":1,"featured_media":0,"parent":0,"menu_order":0,"comment_status":"closed","ping_status":"closed","template":"","meta":{"_acf_changed":false,"inline_featured_image":false,"footnotes":""},"class_list":["post-2336","page","type-page","status-publish","hentry"],"acf":[],"yoast_head":"<!-- This site is optimized with the Yoast SEO plugin v27.4 - https:\/\/yoast.com\/product\/yoast-seo-wordpress\/ -->\n<title>A projektr\u0151l - Forestschools.eu<\/title>\n<meta name=\"robots\" content=\"index, follow, max-snippet:-1, max-image-preview:large, max-video-preview:-1\" \/>\n<link rel=\"canonical\" href=\"https:\/\/forestschools.eu\/hu\/a-projektrol\/\" \/>\n<meta property=\"og:locale\" content=\"hu_HU\" \/>\n<meta property=\"og:type\" content=\"article\" \/>\n<meta property=\"og:title\" content=\"A projektr\u0151l - Forestschools.eu\" \/>\n<meta property=\"og:description\" content=\"Erd\u00e9szek a k\u00f6rnyezeti nevel\u00e9s\u00e9rt INTERREG V-A SZLOV\u00c1KIA-MAGYARORSZ\u00c1G 2014-2020 EGY\u00dcTTM\u0170K\u00d6D\u00c9SI PROGRAM A projekt c\u00edme: Foresters raising...\" \/>\n<meta property=\"og:url\" content=\"https:\/\/forestschools.eu\/hu\/a-projektrol\/\" \/>\n<meta property=\"og:site_name\" content=\"Forestschools.eu\" \/>\n<meta property=\"article:publisher\" content=\"https:\/\/www.facebook.com\/LESYSRstatnypodnik\" \/>\n<meta property=\"article:modified_time\" content=\"2020-07-21T13:58:37+00:00\" \/>\n<meta property=\"og:image\" content=\"https:\/\/forestschools.eu\/wp-content\/uploads\/2020\/06\/loga-hu.png\" \/>\n<meta name=\"twitter:card\" content=\"summary_large_image\" \/>\n<meta name=\"twitter:label1\" content=\"Est. reading time\" \/>\n\t<meta name=\"twitter:data1\" content=\"5 minutes\" \/>\n<script type=\"application\/ld+json\" class=\"yoast-schema-graph\">{\"@context\":\"https:\\\/\\\/schema.org\",\"@graph\":[{\"@type\":\"WebPage\",\"@id\":\"https:\\\/\\\/forestschools.eu\\\/hu\\\/a-projektrol\\\/\",\"url\":\"https:\\\/\\\/forestschools.eu\\\/hu\\\/a-projektrol\\\/\",\"name\":\"A projektr\u0151l - Forestschools.eu\",\"isPartOf\":{\"@id\":\"https:\\\/\\\/forestschools.eu\\\/hu\\\/#website\"},\"primaryImageOfPage\":{\"@id\":\"https:\\\/\\\/forestschools.eu\\\/hu\\\/a-projektrol\\\/#primaryimage\"},\"image\":{\"@id\":\"https:\\\/\\\/forestschools.eu\\\/hu\\\/a-projektrol\\\/#primaryimage\"},\"thumbnailUrl\":\"https:\\\/\\\/forestschools.eu\\\/wp-content\\\/uploads\\\/2020\\\/06\\\/loga-hu.png\",\"datePublished\":\"2020-05-05T21:16:21+00:00\",\"dateModified\":\"2020-07-21T13:58:37+00:00\",\"breadcrumb\":{\"@id\":\"https:\\\/\\\/forestschools.eu\\\/hu\\\/a-projektrol\\\/#breadcrumb\"},\"inLanguage\":\"hu-HU\",\"potentialAction\":[{\"@type\":\"ReadAction\",\"target\":[\"https:\\\/\\\/forestschools.eu\\\/hu\\\/a-projektrol\\\/\"]}]},{\"@type\":\"ImageObject\",\"inLanguage\":\"hu-HU\",\"@id\":\"https:\\\/\\\/forestschools.eu\\\/hu\\\/a-projektrol\\\/#primaryimage\",\"url\":\"https:\\\/\\\/forestschools.eu\\\/wp-content\\\/uploads\\\/2020\\\/06\\\/loga-hu.png\",\"contentUrl\":\"https:\\\/\\\/forestschools.eu\\\/wp-content\\\/uploads\\\/2020\\\/06\\\/loga-hu.png\"},{\"@type\":\"BreadcrumbList\",\"@id\":\"https:\\\/\\\/forestschools.eu\\\/hu\\\/a-projektrol\\\/#breadcrumb\",\"itemListElement\":[{\"@type\":\"ListItem\",\"position\":1,\"name\":\"Home\",\"item\":\"https:\\\/\\\/forestschools.eu\\\/hu\\\/uvod\\\/\"},{\"@type\":\"ListItem\",\"position\":2,\"name\":\"A projektr\u0151l\"}]},{\"@type\":\"WebSite\",\"@id\":\"https:\\\/\\\/forestschools.eu\\\/hu\\\/#website\",\"url\":\"https:\\\/\\\/forestschools.eu\\\/hu\\\/\",\"name\":\"Forestschools.eu\",\"description\":\"LESY SR, \u0161t\u00e1tny podnik organiza\u010dn\u00e1 zlo\u017eka OZ Podunajsko\",\"publisher\":{\"@id\":\"https:\\\/\\\/forestschools.eu\\\/hu\\\/#organization\"},\"potentialAction\":[{\"@type\":\"SearchAction\",\"target\":{\"@type\":\"EntryPoint\",\"urlTemplate\":\"https:\\\/\\\/forestschools.eu\\\/hu\\\/?s={search_term_string}\"},\"query-input\":{\"@type\":\"PropertyValueSpecification\",\"valueRequired\":true,\"valueName\":\"search_term_string\"}}],\"inLanguage\":\"hu-HU\"},{\"@type\":\"Organization\",\"@id\":\"https:\\\/\\\/forestschools.eu\\\/hu\\\/#organization\",\"name\":\"Forestschools.eu\",\"url\":\"https:\\\/\\\/forestschools.eu\\\/hu\\\/\",\"logo\":{\"@type\":\"ImageObject\",\"inLanguage\":\"hu-HU\",\"@id\":\"https:\\\/\\\/forestschools.eu\\\/hu\\\/#\\\/schema\\\/logo\\\/image\\\/\",\"url\":\"https:\\\/\\\/forestschools.eu\\\/wp-content\\\/uploads\\\/2020\\\/05\\\/logo.svg\",\"contentUrl\":\"https:\\\/\\\/forestschools.eu\\\/wp-content\\\/uploads\\\/2020\\\/05\\\/logo.svg\",\"caption\":\"Forestschools.eu\"},\"image\":{\"@id\":\"https:\\\/\\\/forestschools.eu\\\/hu\\\/#\\\/schema\\\/logo\\\/image\\\/\"},\"sameAs\":[\"https:\\\/\\\/www.facebook.com\\\/LESYSRstatnypodnik\"]}]}<\/script>\n<!-- \/ Yoast SEO plugin. -->","yoast_head_json":{"title":"A projektr\u0151l - Forestschools.eu","robots":{"index":"index","follow":"follow","max-snippet":"max-snippet:-1","max-image-preview":"max-image-preview:large","max-video-preview":"max-video-preview:-1"},"canonical":"https:\/\/forestschools.eu\/hu\/a-projektrol\/","og_locale":"hu_HU","og_type":"article","og_title":"A projektr\u0151l - Forestschools.eu","og_description":"Erd\u00e9szek a k\u00f6rnyezeti nevel\u00e9s\u00e9rt INTERREG V-A SZLOV\u00c1KIA-MAGYARORSZ\u00c1G 2014-2020 EGY\u00dcTTM\u0170K\u00d6D\u00c9SI PROGRAM A projekt c\u00edme: Foresters raising...","og_url":"https:\/\/forestschools.eu\/hu\/a-projektrol\/","og_site_name":"Forestschools.eu","article_publisher":"https:\/\/www.facebook.com\/LESYSRstatnypodnik","article_modified_time":"2020-07-21T13:58:37+00:00","og_image":[{"url":"https:\/\/forestschools.eu\/wp-content\/uploads\/2020\/06\/loga-hu.png","type":"","width":"","height":""}],"twitter_card":"summary_large_image","twitter_misc":{"Est. reading time":"5 minutes"},"schema":{"@context":"https:\/\/schema.org","@graph":[{"@type":"WebPage","@id":"https:\/\/forestschools.eu\/hu\/a-projektrol\/","url":"https:\/\/forestschools.eu\/hu\/a-projektrol\/","name":"A projektr\u0151l - Forestschools.eu","isPartOf":{"@id":"https:\/\/forestschools.eu\/hu\/#website"},"primaryImageOfPage":{"@id":"https:\/\/forestschools.eu\/hu\/a-projektrol\/#primaryimage"},"image":{"@id":"https:\/\/forestschools.eu\/hu\/a-projektrol\/#primaryimage"},"thumbnailUrl":"https:\/\/forestschools.eu\/wp-content\/uploads\/2020\/06\/loga-hu.png","datePublished":"2020-05-05T21:16:21+00:00","dateModified":"2020-07-21T13:58:37+00:00","breadcrumb":{"@id":"https:\/\/forestschools.eu\/hu\/a-projektrol\/#breadcrumb"},"inLanguage":"hu-HU","potentialAction":[{"@type":"ReadAction","target":["https:\/\/forestschools.eu\/hu\/a-projektrol\/"]}]},{"@type":"ImageObject","inLanguage":"hu-HU","@id":"https:\/\/forestschools.eu\/hu\/a-projektrol\/#primaryimage","url":"https:\/\/forestschools.eu\/wp-content\/uploads\/2020\/06\/loga-hu.png","contentUrl":"https:\/\/forestschools.eu\/wp-content\/uploads\/2020\/06\/loga-hu.png"},{"@type":"BreadcrumbList","@id":"https:\/\/forestschools.eu\/hu\/a-projektrol\/#breadcrumb","itemListElement":[{"@type":"ListItem","position":1,"name":"Home","item":"https:\/\/forestschools.eu\/hu\/uvod\/"},{"@type":"ListItem","position":2,"name":"A projektr\u0151l"}]},{"@type":"WebSite","@id":"https:\/\/forestschools.eu\/hu\/#website","url":"https:\/\/forestschools.eu\/hu\/","name":"Forestschools.eu","description":"LESY SR, \u0161t\u00e1tny podnik organiza\u010dn\u00e1 zlo\u017eka OZ Podunajsko","publisher":{"@id":"https:\/\/forestschools.eu\/hu\/#organization"},"potentialAction":[{"@type":"SearchAction","target":{"@type":"EntryPoint","urlTemplate":"https:\/\/forestschools.eu\/hu\/?s={search_term_string}"},"query-input":{"@type":"PropertyValueSpecification","valueRequired":true,"valueName":"search_term_string"}}],"inLanguage":"hu-HU"},{"@type":"Organization","@id":"https:\/\/forestschools.eu\/hu\/#organization","name":"Forestschools.eu","url":"https:\/\/forestschools.eu\/hu\/","logo":{"@type":"ImageObject","inLanguage":"hu-HU","@id":"https:\/\/forestschools.eu\/hu\/#\/schema\/logo\/image\/","url":"https:\/\/forestschools.eu\/wp-content\/uploads\/2020\/05\/logo.svg","contentUrl":"https:\/\/forestschools.eu\/wp-content\/uploads\/2020\/05\/logo.svg","caption":"Forestschools.eu"},"image":{"@id":"https:\/\/forestschools.eu\/hu\/#\/schema\/logo\/image\/"},"sameAs":["https:\/\/www.facebook.com\/LESYSRstatnypodnik"]}]}},"_links":{"self":[{"href":"https:\/\/forestschools.eu\/hu\/wp-json\/wp\/v2\/pages\/2336","targetHints":{"allow":["GET"]}}],"collection":[{"href":"https:\/\/forestschools.eu\/hu\/wp-json\/wp\/v2\/pages"}],"about":[{"href":"https:\/\/forestschools.eu\/hu\/wp-json\/wp\/v2\/types\/page"}],"author":[{"embeddable":true,"href":"https:\/\/forestschools.eu\/hu\/wp-json\/wp\/v2\/users\/1"}],"replies":[{"embeddable":true,"href":"https:\/\/forestschools.eu\/hu\/wp-json\/wp\/v2\/comments?post=2336"}],"version-history":[{"count":11,"href":"https:\/\/forestschools.eu\/hu\/wp-json\/wp\/v2\/pages\/2336\/revisions"}],"predecessor-version":[{"id":2935,"href":"https:\/\/forestschools.eu\/hu\/wp-json\/wp\/v2\/pages\/2336\/revisions\/2935"}],"wp:attachment":[{"href":"https:\/\/forestschools.eu\/hu\/wp-json\/wp\/v2\/media?parent=2336"}],"curies":[{"name":"wp","href":"https:\/\/api.w.org\/{rel}","templated":true}]}}